{"id":2087,"date":"2022-08-29T10:51:48","date_gmt":"2022-08-29T10:51:48","guid":{"rendered":"https:\/\/www.teais.es\/materiales-de-construccion\/?post_type=podcast&#038;p=2087"},"modified":"2022-08-29T10:51:48","modified_gmt":"2022-08-29T10:51:48","slug":"rehabilitacion-de-fachadas","status":"publish","type":"podcast","link":"https:\/\/www.teais.es\/materiales-de-construccion\/podcast\/rehabilitacion-de-fachadas\/","title":{"rendered":"Rehabilitaci\u00f3n de fachadas"},"content":{"rendered":"<p>Vivo en un edificio que lleva 20 a\u00f1os construido, y hemos decidido mejorar la fachada porque nunca ha sido tratada desde que se hizo. Adem\u00e1s en algunos pisos hay problemas de humedad, pensamos que pueden estar relacionados. La fachada es de un mortero que tiene piedras peque\u00f1as proyectadas que salen hacia afuera, y quisi\u00e9ramos darle un aspecto m\u00e1s moderno. \u00bfQu\u00e9 materiales nos recomiendan para rehabilitar la fachada sin hacer grandes obras, y si es posible sin picarla?.<\/p>\n","protected":false},"excerpt":{"rendered":"<p>Vivo en un edificio que lleva 20 a\u00f1os construido, y hemos decidido mejorar la fachada porque nunca ha sido tratada desde que se hizo. Adem\u00e1s en algunos pisos hay problemas de humedad, pensamos que pueden estar relacionados. La fachada es de un mortero que tiene piedras peque\u00f1as proyectadas que salen hacia afuera, y quisi\u00e9ramos darle [&hellip;]<\/p>\n","protected":false},"author":1,"featured_media":0,"menu_order":0,"comment_status":"open","ping_status":"closed","template":"","meta":{"_acf_changed":false,"episode_type":"audio","audio_file":"https:\/\/www.teais.es\/materiales-de-construccion\/wp-content\/uploads\/2022\/08\/05.-Programa-sobre-Fachadas__recortado.mp3","cover_image":"https:\/\/www.teais.es\/materiales-de-construccion\/wp-content\/uploads\/2022\/08\/rehabilitacion-de-fachadas.jpg","cover_image_id":"2092","duration":"2:33","filesize":"5.83M","filesize_raw":"6118260","date_recorded":"2022-08-29 10:51:48","explicit":"","block":"","itunes_episode_number":"","itunes_title":"","itunes_season_number":"","itunes_episode_type":""},"tags":[],"series":[52],"class_list":["post-2087","podcast","type-podcast","status-publish","hentry","series-teais-fabrica-de-materiales-de-construccion"],"acf":[],"episode_featured_image":false,"episode_player_image":"https:\/\/www.teais.es\/materiales-de-construccion\/wp-content\/uploads\/2022\/08\/rehabilitacion-de-fachadas.jpg","download_link":"https:\/\/www.teais.es\/materiales-de-construccion\/podcast-download\/2087\/rehabilitacion-de-fachadas","player_link":"https:\/\/www.teais.es\/materiales-de-construccion\/podcast-player\/2087\/rehabilitacion-de-fachadas","audio_player":null,"episode_data":{"playerMode":"dark","subscribeUrls":{"apple_podcasts":{"key":"apple_podcasts","url":"","label":"Apple Podcasts","class":"apple_podcasts","icon":"apple-podcasts.png"},"stitcher":{"key":"stitcher","url":"","label":"Stitcher","class":"stitcher","icon":"stitcher.png"},"google_podcasts":{"key":"google_podcasts","url":"","label":"Google Podcasts","class":"google_podcasts","icon":"google-podcasts.png"},"spotify":{"key":"spotify","url":"","label":"Spotify","class":"spotify","icon":"spotify.png"}},"rssFeedUrl":"https:\/\/www.teais.es\/materiales-de-construccion\/feed\/podcast\/teais-fabrica-de-materiales-de-construccion","embedCode":"<blockquote class=\"wp-embedded-content\" data-secret=\"Us8OAlyyQC\"><a href=\"https:\/\/www.teais.es\/materiales-de-construccion\/podcast\/rehabilitacion-de-fachadas\/\">Rehabilitaci\u00f3n de fachadas<\/a><\/blockquote><iframe sandbox=\"allow-scripts\" security=\"restricted\" src=\"https:\/\/www.teais.es\/materiales-de-construccion\/podcast\/rehabilitacion-de-fachadas\/embed\/#?secret=Us8OAlyyQC\" width=\"500\" height=\"350\" title=\"\u00abRehabilitaci\u00f3n de fachadas\u00bb \u2014 Fabrica de productos y sistemas para la construcci\u00f3n - TEAIS\" data-secret=\"Us8OAlyyQC\" frameborder=\"0\" marginwidth=\"0\" marginheight=\"0\" scrolling=\"no\" class=\"wp-embedded-content\"><\/iframe><script type=\"text\/javascript\">\n\/* <![CDATA[ *\/\n\/*! This file is auto-generated *\/\n!function(d,l){\"use strict\";l.querySelector&&d.addEventListener&&\"undefined\"!=typeof URL&&(d.wp=d.wp||{},d.wp.receiveEmbedMessage||(d.wp.receiveEmbedMessage=function(e){var t=e.data;if((t||t.secret||t.message||t.value)&&!\/[^a-zA-Z0-9]\/.test(t.secret)){for(var s,r,n,a=l.querySelectorAll('iframe[data-secret=\"'+t.secret+'\"]'),o=l.querySelectorAll('blockquote[data-secret=\"'+t.secret+'\"]'),c=new RegExp(\"^https?:$\",\"i\"),i=0;i<o.length;i++)o[i].style.display=\"none\";for(i=0;i<a.length;i++)s=a[i],e.source===s.contentWindow&&(s.removeAttribute(\"style\"),\"height\"===t.message?(1e3<(r=parseInt(t.value,10))?r=1e3:~~r<200&&(r=200),s.height=r):\"link\"===t.message&&(r=new URL(s.getAttribute(\"src\")),n=new URL(t.value),c.test(n.protocol))&&n.host===r.host&&l.activeElement===s&&(d.top.location.href=t.value))}},d.addEventListener(\"message\",d.wp.receiveEmbedMessage,!1),l.addEventListener(\"DOMContentLoaded\",function(){for(var e,t,s=l.querySelectorAll(\"iframe.wp-embedded-content\"),r=0;r<s.length;r++)(t=(e=s[r]).getAttribute(\"data-secret\"))||(t=Math.random().toString(36).substring(2,12),e.src+=\"#?secret=\"+t,e.setAttribute(\"data-secret\",t)),e.contentWindow.postMessage({message:\"ready\",secret:t},\"*\")},!1)))}(window,document);\n\/\/# sourceURL=https:\/\/www.teais.es\/materiales-de-construccion\/wp-includes\/js\/wp-embed.min.js\n\/* ]]> *\/\n<\/script>\n"},"yoast_head":"<!-- This site is optimized with the Yoast SEO plugin v26.9 - https:\/\/yoast.com\/product\/yoast-seo-wordpress\/ -->\n<title>Rehabilitaci\u00f3n de fachadas - Fabrica de productos y sistemas para la construcci\u00f3n - TEAIS<\/title>\n<meta name=\"robots\" content=\"index, follow, max-snippet:-1, max-image-preview:large, max-video-preview:-1\" \/>\n<link rel=\"canonical\" href=\"https:\/\/www.teais.es\/materiales-de-construccion\/podcast\/rehabilitacion-de-fachadas\/\" \/>\n<meta property=\"og:locale\" content=\"es_ES\" \/>\n<meta property=\"og:type\" content=\"article\" \/>\n<meta property=\"og:title\" content=\"Rehabilitaci\u00f3n de fachadas - Fabrica de productos y sistemas para la construcci\u00f3n - TEAIS\" \/>\n<meta property=\"og:description\" content=\"Vivo en un edificio que lleva 20 a\u00f1os construido, y hemos decidido mejorar la fachada porque nunca ha sido tratada desde que se hizo. Adem\u00e1s en algunos pisos hay problemas de humedad, pensamos que pueden estar relacionados. La fachada es de un mortero que tiene piedras peque\u00f1as proyectadas que salen hacia afuera, y quisi\u00e9ramos darle [&hellip;]\" \/>\n<meta property=\"og:url\" content=\"https:\/\/www.teais.es\/materiales-de-construccion\/podcast\/rehabilitacion-de-fachadas\/\" \/>\n<meta property=\"og:site_name\" content=\"Fabrica de productos y sistemas para la construcci\u00f3n - TEAIS\" \/>\n<meta property=\"article:publisher\" content=\"https:\/\/www.facebook.com\/teais.es\" \/>\n<meta name=\"twitter:card\" content=\"summary_large_image\" \/>\n<meta name=\"twitter:site\" content=\"@TEAIS_SA\" \/>\n<script type=\"application\/ld+json\" class=\"yoast-schema-graph\">{\"@context\":\"https:\/\/schema.org\",\"@graph\":[{\"@type\":\"WebPage\",\"@id\":\"https:\/\/www.teais.es\/materiales-de-construccion\/podcast\/rehabilitacion-de-fachadas\/\",\"url\":\"https:\/\/www.teais.es\/materiales-de-construccion\/podcast\/rehabilitacion-de-fachadas\/\",\"name\":\"Rehabilitaci\u00f3n de fachadas - Fabrica de productos y sistemas para la construcci\u00f3n - TEAIS\",\"isPartOf\":{\"@id\":\"https:\/\/www.teais.es\/materiales-de-construccion\/#website\"},\"datePublished\":\"2022-08-29T10:51:48+00:00\",\"breadcrumb\":{\"@id\":\"https:\/\/www.teais.es\/materiales-de-construccion\/podcast\/rehabilitacion-de-fachadas\/#breadcrumb\"},\"inLanguage\":\"es\",\"potentialAction\":[{\"@type\":\"ReadAction\",\"target\":[\"https:\/\/www.teais.es\/materiales-de-construccion\/podcast\/rehabilitacion-de-fachadas\/\"]}]},{\"@type\":\"BreadcrumbList\",\"@id\":\"https:\/\/www.teais.es\/materiales-de-construccion\/podcast\/rehabilitacion-de-fachadas\/#breadcrumb\",\"itemListElement\":[{\"@type\":\"ListItem\",\"position\":1,\"name\":\"Inicio\",\"item\":\"https:\/\/www.teais.es\/materiales-de-construccion\/\"},{\"@type\":\"ListItem\",\"position\":2,\"name\":\"Episodio\",\"item\":\"https:\/\/www.teais.es\/materiales-de-construccion\/podcast\/\"},{\"@type\":\"ListItem\",\"position\":3,\"name\":\"Rehabilitaci\u00f3n de fachadas\"}]},{\"@type\":\"WebSite\",\"@id\":\"https:\/\/www.teais.es\/materiales-de-construccion\/#website\",\"url\":\"https:\/\/www.teais.es\/materiales-de-construccion\/\",\"name\":\"Fabrica de productos y sistemas para la construcci\u00f3n - TEAIS\",\"description\":\"Fabrica y desarrollo de cientos de productos y sistemas para la construcci\u00f3n y la industria. Obra nueva, restauraci\u00f3n, impermeabilizaci\u00f3n, pavimentos, revestimientos, etc.\",\"publisher\":{\"@id\":\"https:\/\/www.teais.es\/materiales-de-construccion\/#organization\"},\"potentialAction\":[{\"@type\":\"SearchAction\",\"target\":{\"@type\":\"EntryPoint\",\"urlTemplate\":\"https:\/\/www.teais.es\/materiales-de-construccion\/?s={search_term_string}\"},\"query-input\":{\"@type\":\"PropertyValueSpecification\",\"valueRequired\":true,\"valueName\":\"search_term_string\"}}],\"inLanguage\":\"es\"},{\"@type\":\"Organization\",\"@id\":\"https:\/\/www.teais.es\/materiales-de-construccion\/#organization\",\"name\":\"TEAIS\",\"url\":\"https:\/\/www.teais.es\/materiales-de-construccion\/\",\"logo\":{\"@type\":\"ImageObject\",\"inLanguage\":\"es\",\"@id\":\"https:\/\/www.teais.es\/materiales-de-construccion\/#\/schema\/logo\/image\/\",\"url\":\"https:\/\/www.teais.es\/materiales-de-construccion\/wp-content\/uploads\/2021\/12\/fabrica-de-materiales-construccion-teais.jpg\",\"contentUrl\":\"https:\/\/www.teais.es\/materiales-de-construccion\/wp-content\/uploads\/2021\/12\/fabrica-de-materiales-construccion-teais.jpg\",\"width\":154,\"height\":109,\"caption\":\"TEAIS\"},\"image\":{\"@id\":\"https:\/\/www.teais.es\/materiales-de-construccion\/#\/schema\/logo\/image\/\"},\"sameAs\":[\"https:\/\/www.facebook.com\/teais.es\",\"https:\/\/x.com\/TEAIS_SA\",\"https:\/\/www.instagram.com\/teais_sa\/\",\"https:\/\/www.linkedin.com\/company\/teais-sa\/\",\"https:\/\/www.youtube.com\/user\/TEAISCOMEX\"]}]}<\/script>\n<!-- \/ Yoast SEO plugin. -->","yoast_head_json":{"title":"Rehabilitaci\u00f3n de fachadas - Fabrica de productos y sistemas para la construcci\u00f3n - TEAIS","robots":{"index":"index","follow":"follow","max-snippet":"max-snippet:-1","max-image-preview":"max-image-preview:large","max-video-preview":"max-video-preview:-1"},"canonical":"https:\/\/www.teais.es\/materiales-de-construccion\/podcast\/rehabilitacion-de-fachadas\/","og_locale":"es_ES","og_type":"article","og_title":"Rehabilitaci\u00f3n de fachadas - Fabrica de productos y sistemas para la construcci\u00f3n - TEAIS","og_description":"Vivo en un edificio que lleva 20 a\u00f1os construido, y hemos decidido mejorar la fachada porque nunca ha sido tratada desde que se hizo. Adem\u00e1s en algunos pisos hay problemas de humedad, pensamos que pueden estar relacionados. La fachada es de un mortero que tiene piedras peque\u00f1as proyectadas que salen hacia afuera, y quisi\u00e9ramos darle [&hellip;]","og_url":"https:\/\/www.teais.es\/materiales-de-construccion\/podcast\/rehabilitacion-de-fachadas\/","og_site_name":"Fabrica de productos y sistemas para la construcci\u00f3n - TEAIS","article_publisher":"https:\/\/www.facebook.com\/teais.es","twitter_card":"summary_large_image","twitter_site":"@TEAIS_SA","schema":{"@context":"https:\/\/schema.org","@graph":[{"@type":"WebPage","@id":"https:\/\/www.teais.es\/materiales-de-construccion\/podcast\/rehabilitacion-de-fachadas\/","url":"https:\/\/www.teais.es\/materiales-de-construccion\/podcast\/rehabilitacion-de-fachadas\/","name":"Rehabilitaci\u00f3n de fachadas - Fabrica de productos y sistemas para la construcci\u00f3n - TEAIS","isPartOf":{"@id":"https:\/\/www.teais.es\/materiales-de-construccion\/#website"},"datePublished":"2022-08-29T10:51:48+00:00","breadcrumb":{"@id":"https:\/\/www.teais.es\/materiales-de-construccion\/podcast\/rehabilitacion-de-fachadas\/#breadcrumb"},"inLanguage":"es","potentialAction":[{"@type":"ReadAction","target":["https:\/\/www.teais.es\/materiales-de-construccion\/podcast\/rehabilitacion-de-fachadas\/"]}]},{"@type":"BreadcrumbList","@id":"https:\/\/www.teais.es\/materiales-de-construccion\/podcast\/rehabilitacion-de-fachadas\/#breadcrumb","itemListElement":[{"@type":"ListItem","position":1,"name":"Inicio","item":"https:\/\/www.teais.es\/materiales-de-construccion\/"},{"@type":"ListItem","position":2,"name":"Episodio","item":"https:\/\/www.teais.es\/materiales-de-construccion\/podcast\/"},{"@type":"ListItem","position":3,"name":"Rehabilitaci\u00f3n de fachadas"}]},{"@type":"WebSite","@id":"https:\/\/www.teais.es\/materiales-de-construccion\/#website","url":"https:\/\/www.teais.es\/materiales-de-construccion\/","name":"Fabrica de productos y sistemas para la construcci\u00f3n - TEAIS","description":"Fabrica y desarrollo de cientos de productos y sistemas para la construcci\u00f3n y la industria. Obra nueva, restauraci\u00f3n, impermeabilizaci\u00f3n, pavimentos, revestimientos, etc.","publisher":{"@id":"https:\/\/www.teais.es\/materiales-de-construccion\/#organization"},"potentialAction":[{"@type":"SearchAction","target":{"@type":"EntryPoint","urlTemplate":"https:\/\/www.teais.es\/materiales-de-construccion\/?s={search_term_string}"},"query-input":{"@type":"PropertyValueSpecification","valueRequired":true,"valueName":"search_term_string"}}],"inLanguage":"es"},{"@type":"Organization","@id":"https:\/\/www.teais.es\/materiales-de-construccion\/#organization","name":"TEAIS","url":"https:\/\/www.teais.es\/materiales-de-construccion\/","logo":{"@type":"ImageObject","inLanguage":"es","@id":"https:\/\/www.teais.es\/materiales-de-construccion\/#\/schema\/logo\/image\/","url":"https:\/\/www.teais.es\/materiales-de-construccion\/wp-content\/uploads\/2021\/12\/fabrica-de-materiales-construccion-teais.jpg","contentUrl":"https:\/\/www.teais.es\/materiales-de-construccion\/wp-content\/uploads\/2021\/12\/fabrica-de-materiales-construccion-teais.jpg","width":154,"height":109,"caption":"TEAIS"},"image":{"@id":"https:\/\/www.teais.es\/materiales-de-construccion\/#\/schema\/logo\/image\/"},"sameAs":["https:\/\/www.facebook.com\/teais.es","https:\/\/x.com\/TEAIS_SA","https:\/\/www.instagram.com\/teais_sa\/","https:\/\/www.linkedin.com\/company\/teais-sa\/","https:\/\/www.youtube.com\/user\/TEAISCOMEX"]}]}},"_links":{"self":[{"href":"https:\/\/www.teais.es\/materiales-de-construccion\/wp-json\/wp\/v2\/podcast\/2087","targetHints":{"allow":["GET"]}}],"collection":[{"href":"https:\/\/www.teais.es\/materiales-de-construccion\/wp-json\/wp\/v2\/podcast"}],"about":[{"href":"https:\/\/www.teais.es\/materiales-de-construccion\/wp-json\/wp\/v2\/types\/podcast"}],"author":[{"embeddable":true,"href":"https:\/\/www.teais.es\/materiales-de-construccion\/wp-json\/wp\/v2\/users\/1"}],"replies":[{"embeddable":true,"href":"https:\/\/www.teais.es\/materiales-de-construccion\/wp-json\/wp\/v2\/comments?post=2087"}],"wp:attachment":[{"href":"https:\/\/www.teais.es\/materiales-de-construccion\/wp-json\/wp\/v2\/media?parent=2087"}],"wp:term":[{"taxonomy":"post_tag","embeddable":true,"href":"https:\/\/www.teais.es\/materiales-de-construccion\/wp-json\/wp\/v2\/tags?post=2087"},{"taxonomy":"series","embeddable":true,"href":"https:\/\/www.teais.es\/materiales-de-construccion\/wp-json\/wp\/v2\/series?post=2087"}],"curies":[{"name":"wp","href":"https:\/\/api.w.org\/{rel}","templated":true}]}}